{"id":19333,"date":"2023-01-13T07:11:37","date_gmt":"2023-01-13T07:11:37","guid":{"rendered":"https:\/\/otkert.hu\/?page_id=19333"},"modified":"2024-01-22T14:05:26","modified_gmt":"2024-01-22T14:05:26","slug":"altalanos-szerzodesi-feltetelek","status":"publish","type":"page","link":"https:\/\/otkert.hu\/hu\/altalanos-szerzodesi-feltetelek\/","title":{"rendered":"\u00c1ltal\u00e1nos Szerz\u0151d\u00e9si felt\u00e9telek"},"content":{"rendered":"\t\t<div data-elementor-type=\"wp-page\" data-elementor-id=\"19333\" class=\"elementor elementor-19333\" data-elementor-post-type=\"page\">\n\t\t\t\t<div class=\"elementor-element elementor-element-4ab5f83 e-flex e-con-boxed e-con e-parent\" data-id=\"4ab5f83\" data-element_type=\"container\" data-settings=\"{&quot;jet_parallax_layout_list&quot;:[]}\">\n\t\t\t\t\t<div class=\"e-con-inner\">\n\t\t\t\t<div class=\"elementor-element elementor-element-1abb41d elementor-widget elementor-widget-heading\" data-id=\"1abb41d\" data-element_type=\"widget\" data-widget_type=\"heading.default\">\n\t\t\t\t<div class=\"elementor-widget-container\">\n\t\t\t\t\t<h2 class=\"elementor-heading-title elementor-size-default\">\u00c1ltal\u00e1nos Szerz\u0151d\u00e9si felt\u00e9telek<\/h2>\t\t\t\t<\/div>\n\t\t\t\t<\/div>\n\t\t\t\t<div class=\"elementor-element elementor-element-585e7f9 elementor-widget elementor-widget-text-editor\" data-id=\"585e7f9\" data-element_type=\"widget\" data-widget_type=\"text-editor.default\">\n\t\t\t\t<div class=\"elementor-widget-container\">\n\t\t\t\t\t\t\t\t\tJelen dokumentum tartalmazza a \u00d6tkert Kft., mint Szolg\u00e1ltat\u00f3 \u00e1ltal \u00fczemeltetett otkert.hu (a tov\u00e1bbiakban: web\u00e1ruh\u00e1z) haszn\u00e1lat\u00e1ra vonatkoz\u00f3 \u00e1ltal\u00e1nos szerz\u0151d\u00e9si felt\u00e9teleket (tov\u00e1bbiakban \u201e\u00c1SZF\u201d).\t\t\t\t\t\t\t\t<\/div>\n\t\t\t\t<\/div>\n\t\t\t\t<div class=\"elementor-element elementor-element-5b77782 elementor-widget elementor-widget-text-editor\" data-id=\"5b77782\" data-element_type=\"widget\" data-widget_type=\"text-editor.default\">\n\t\t\t\t<div class=\"elementor-widget-container\">\n\t\t\t\t\t\t\t\t\tK\u00e9rj\u00fck, hogy csak akkor vedd ig\u00e9nybe szolg\u00e1ltat\u00e1sainkat, amennyiben minden pontj\u00e1val egyet\u00e9rtesz, \u00e9s k\u00f6telez\u0151 \u00e9rv\u00e9ny\u0171nek tekinted magadra n\u00e9zve.\t\t\t\t\t\t\t\t<\/div>\n\t\t\t\t<\/div>\n\t\t\t\t<div class=\"elementor-element elementor-element-9f335cd elementor-widget elementor-widget-text-editor\" data-id=\"9f335cd\" data-element_type=\"widget\" data-widget_type=\"text-editor.default\">\n\t\t\t\t<div class=\"elementor-widget-container\">\n\t\t\t\t\t\t\t\t\t<p><strong>1.1. Szolg\u00e1ltat\u00f3 adatai<\/strong><br \/>\u2022 A szolg\u00e1ltat\u00f3 neve: \u00d6tkert Kft.<br \/>\u2022 A szolg\u00e1ltat\u00f3 sz\u00e9khelye: 1051 Budapest, Zr\u00ednyi utca 4.<br \/>\u2022 C\u00e9gjegyz\u00e9ksz\u00e1ma: 01 09 939990<br \/>\u2022 Ad\u00f3sz\u00e1ma: 22709099241<br \/>\u2022 Nyilv\u00e1ntart\u00e1sban bejegyz\u0151 hat\u00f3s\u00e1g neve (c\u00e9gb\u00edr\u00f3s\u00e1g): F\u0151v\u00e1rosi T\u00f6rv\u00e9nysz\u00e9k C\u00e9gb\u00edr\u00f3s\u00e1ga<br \/>\u2022 A szerz\u0151d\u00e9s nyelve: magyar<br \/>\u2022 A tov\u00e1bbiakban mint \u201eSzolg\u00e1ltat\u00f3\u201d.<br \/>\u2022 A webshop a \u00d6tkert Kft. kiz\u00e1r\u00f3lagos tulajdona, a \u00d6tkert Ingatlanhasznos\u00edt\u00f3 \u00e9s Szolg\u00e1ltat\u00f3 Korl\u00e1tolt Felel\u0151ss\u00e9g\u0171 T\u00e1rsas\u00e1g<\/p><p><strong>1.2. T\u00e1rhelyszolg\u00e1ltat\u00f3 adatai:<\/strong>\u00a0<br \/>\u2022 C\u00e9gn\u00e9v: ELIN.hu Informatikai Szolg\u00e1ltat\u00f3 \u00e9s Tan\u00e1csad\u00f3 Kft.<br \/>\u2022 C\u00edm: 9024 Gy\u0151r, D\u00e9ry T. u. 11.<br \/>\u2022 C\u00e9gjegyz\u00e9ksz\u00e1m: 08-09-016359<br \/>\u2022 Ad\u00f3sz\u00e1m: 14315754-2-08<br \/>\u2022 Telefon: +36 30 2222 444<br \/>\u2022 E-mail: info@elin.hu<br \/>\u2022 Weboldal: https:\/\/elin.hu\/<\/p>\t\t\t\t\t\t\t\t<\/div>\n\t\t\t\t<\/div>\n\t\t\t\t<div class=\"elementor-element elementor-element-d950b32 elementor-widget elementor-widget-text-editor\" data-id=\"d950b32\" data-element_type=\"widget\" data-widget_type=\"text-editor.default\">\n\t\t\t\t<div class=\"elementor-widget-container\">\n\t\t\t\t\t\t\t\t\t<p><strong>1. \u00c1ltal\u00e1nos tudnival\u00f3k, a Felek k\u00f6z\u00f6tti szerz\u0151d\u00e9s l\u00e9trej\u00f6tte<\/strong><\/p><p>1.1. A jelen \u00c1SZF hat\u00e1lya kiterjed a Magyarorsz\u00e1g ter\u00fclet\u00e9n ny\u00fajtott minden olyan elektronikus kereskedelmi szolg\u00e1ltat\u00e1sra, amely a Szolg\u00e1ltat\u00e1s ig\u00e9nybev\u00e9tel\u00e9vel t\u00f6rt\u00e9nik. A megrendel\u00e9s elektronikus \u00faton megk\u00f6t\u00f6tt szerz\u0151d\u00e9snek min\u0151s\u00fcl, amelyre a Polg\u00e1ri T\u00f6rv\u00e9nyk\u00f6nyvr\u0151l sz\u00f3l\u00f3 2013. \u00e9vi V. t\u00f6rv\u00e9ny, az elektronikus kereskedelmi szolg\u00e1ltat\u00e1sok, az inform\u00e1ci\u00f3s t\u00e1rsadalommal \u00f6sszef\u00fcgg\u0151 szolg\u00e1ltat\u00e1sok egyes k\u00e9rd\u00e9seir\u0151l sz\u00f3l\u00f3 2001. \u00e9vi CVIII. t\u00f6rv\u00e9ny vonatkozik. Szolg\u00e1ltat\u00f3 t\u00e1j\u00e9koztatja a Felhaszn\u00e1l\u00f3kat, hogy jelen Szolg\u00e1ltat\u00e1sra, illetve a Felek k\u00f6z\u00f6tti szerz\u0151d\u00e9sre a fogyaszt\u00f3 \u00e9s a v\u00e1llalkoz\u00e1s k\u00f6z\u00f6tti szerz\u0151d\u00e9sek r\u00e9szletes szab\u00e1lyair\u00f3l sz\u00f3l\u00f3 45\/2014. (II. 26.) Korm. rendelet rendelkez\u00e9sei nem vonatkoznak.<\/p><p>1.2. A V\u00e1s\u00e1rl\u00f3<br \/>Aki a Szolg\u00e1ltat\u00f3 hivatalos honlapj\u00e1n (https:\/\/otkert.hu) kereszt\u00fcl valamilyen szolg\u00e1ltat\u00e1st vagy term\u00e9ket v\u00e1s\u00e1rol, \u00e9s az \u00c1SZF-et tudom\u00e1sul veszi, illetve azt mag\u00e1ra n\u00e9zve is k\u00f6telez\u0151nek fogadja el.<\/p>\t\t\t\t\t\t\t\t<\/div>\n\t\t\t\t<\/div>\n\t\t\t\t<div class=\"elementor-element elementor-element-5e21fec elementor-widget elementor-widget-text-editor\" data-id=\"5e21fec\" data-element_type=\"widget\" data-widget_type=\"text-editor.default\">\n\t\t\t\t<div class=\"elementor-widget-container\">\n\t\t\t\t\t\t\t\t\t<p><strong>1. \u00c1ltal\u00e1nos tudnival\u00f3k, a Felek k\u00f6z\u00f6tti szerz\u0151d\u00e9s l\u00e9trej\u00f6tte<\/strong><\/p><p>1.1. A jelen \u00c1SZF hat\u00e1lya kiterjed a Magyarorsz\u00e1g ter\u00fclet\u00e9n ny\u00fajtott minden olyan elektronikus kereskedelmi szolg\u00e1ltat\u00e1sra, amely a Szolg\u00e1ltat\u00e1s ig\u00e9nybev\u00e9tel\u00e9vel t\u00f6rt\u00e9nik. A megrendel\u00e9s elektronikus \u00faton megk\u00f6t\u00f6tt szerz\u0151d\u00e9snek min\u0151s\u00fcl, amelyre a Polg\u00e1ri T\u00f6rv\u00e9nyk\u00f6nyvr\u0151l sz\u00f3l\u00f3 2013. \u00e9vi V. t\u00f6rv\u00e9ny, az elektronikus kereskedelmi szolg\u00e1ltat\u00e1sok, az inform\u00e1ci\u00f3s t\u00e1rsadalommal \u00f6sszef\u00fcgg\u0151 szolg\u00e1ltat\u00e1sok egyes k\u00e9rd\u00e9seir\u0151l sz\u00f3l\u00f3 2001. \u00e9vi CVIII. t\u00f6rv\u00e9ny vonatkozik. Szolg\u00e1ltat\u00f3 t\u00e1j\u00e9koztatja a Felhaszn\u00e1l\u00f3kat, hogy jelen Szolg\u00e1ltat\u00e1sra, illetve a Felek k\u00f6z\u00f6tti szerz\u0151d\u00e9sre a fogyaszt\u00f3 \u00e9s a v\u00e1llalkoz\u00e1s k\u00f6z\u00f6tti szerz\u0151d\u00e9sek r\u00e9szletes szab\u00e1lyair\u00f3l sz\u00f3l\u00f3 45\/2014. (II. 26.) Korm. rendelet rendelkez\u00e9sei nem vonatkoznak.<\/p><p>1.2. A V\u00e1s\u00e1rl\u00f3<br \/>Aki a Szolg\u00e1ltat\u00f3 hivatalos honlapj\u00e1n (https:\/\/otkert.hu) kereszt\u00fcl valamilyen szolg\u00e1ltat\u00e1st vagy term\u00e9ket v\u00e1s\u00e1rol, \u00e9s az \u00c1SZF-et tudom\u00e1sul veszi, illetve azt mag\u00e1ra n\u00e9zve is k\u00f6telez\u0151nek fogadja el.<\/p>\t\t\t\t\t\t\t\t<\/div>\n\t\t\t\t<\/div>\n\t\t\t\t<div class=\"elementor-element elementor-element-78ffc83 elementor-widget elementor-widget-text-editor\" data-id=\"78ffc83\" data-element_type=\"widget\" data-widget_type=\"text-editor.default\">\n\t\t\t\t<div class=\"elementor-widget-container\">\n\t\t\t\t\t\t\t\t\t<p><strong>2. \u00c1ltal\u00e1nos Szerz\u0151d\u00e9si Felt\u00e9telek c\u00e9lja:<\/strong><br \/>Az \u00c1ltal\u00e1nos Szerz\u0151d\u00e9s Felt\u00e9telei (\u00c1SZF) Szolg\u00e1ltat\u00f3 \u00e9s a vele szerz\u0151d\u00e9ses kapcsolatba l\u00e9p\u0151 V\u00e1s\u00e1rl\u00f3 k\u00f6z\u00f6tt l\u00e9trej\u00f6v\u0151 jogviszony \u00e1ltal\u00e1nos felt\u00e9teleit tartalmazza. Az itt nem szab\u00e1lyozott k\u00e9rd\u00e9seket illet\u0151en Szolg\u00e1ltat\u00f3 tev\u00e9kenys\u00e9g\u00e9re vonatkoz\u00f3 mindenkor hat\u00e1lyos magyar jogszab\u00e1lyok \u00e9s hat\u00f3s\u00e1gi el\u0151\u00edr\u00e1sok, valamint a Polg\u00e1ri T\u00f6rv\u00e9nyk\u00f6nyvben foglalt rendelkez\u00e9sek k\u00fcl\u00f6n kik\u00f6t\u00e9s n\u00e9lk\u00fcl ir\u00e1nyad\u00f3ak.<\/p><p>2.1. Szerz\u0151d\u00e9si Felt\u00e9telek elfogad\u00e1sa<br \/>A Szerz\u0151d\u00e9si Felt\u00e9telek V\u00e1s\u00e1rl\u00f3 \u00e1ltal t\u00f6rt\u00e9n\u0151 elfogad\u00e1sa a v\u00e1s\u00e1rl\u00e1s, illetve szolg\u00e1ltat\u00e1s ig\u00e9nybev\u00e9tel\u00e9nek el\u0151felt\u00e9tele. A Felt\u00e9telek elfogad\u00e1s\u00e1nak min\u0151s\u00fcl, ha V\u00e1s\u00e1rl\u00f3 a Szolg\u00e1ltat\u00f3 \u00e1ltal ny\u00fajtott szolg\u00e1ltat\u00e1st ig\u00e9nybe veszi.<\/p><p>2.2. Szerz\u0151d\u00e9si Felt\u00e9telek hat\u00e1lya<br \/>Az \u00c1SZF m\u00f3dos\u00edt\u00e1s\u00e1ra Szolg\u00e1ltat\u00f3 b\u00e1rmikor egyoldal\u00faan jogosult azzal a felt\u00e9tellel, hogy a m\u00f3dos\u00edt\u00e1s a V\u00e1s\u00e1rl\u00f3 szerz\u0151d\u00e9ses k\u00f6telezetts\u00e9geit nem teheti terhesebb\u00e9, szerz\u0151d\u00e9sben biztos\u00edtott jogait nem vonhatja el, jog\u00e1ll\u00e1s\u00e1t h\u00e1tr\u00e1nyosan nem m\u00f3dos\u00edthatja. A m\u00f3dos\u00edtott \u00c1SZF magyar nyelv\u0171 verzi\u00f3j\u00e1t V\u00e1s\u00e1rl\u00f3 b\u00e1rmikor el\u00e9rheti Szolg\u00e1ltat\u00f3 weboldal\u00e1n az \u00c1ltal\u00e1nos Szerz\u0151d\u00e9si Felt\u00e9telek men\u00fcpontban. A m\u00f3dos\u00edt\u00e1s \u00e9rv\u00e9nybel\u00e9p\u00e9se a k\u00f6zz\u00e9t\u00e9telt\u0151l sz\u00e1m\u00edtott 10. napt\u00e1ri nap \u00e9s a hat\u00e1lyba l\u00e9p\u00e9st megel\u0151z\u0151en l\u00e9trej\u00f6tt szerz\u0151d\u00e9seket nem \u00e9rinti.<br \/>Az \u00c1SZF v\u00e1ltoz\u00e1s\u00e1r\u00f3l annak k\u00f6zz\u00e9t\u00e9telekor Szolg\u00e1ltat\u00f3 minden V\u00e1s\u00e1rl\u00f3t a fizet\u00e9sn\u00e9l megadott e-mail c\u00edmen \u00edr\u00e1sban \u00e9rtes\u00edt.<br \/>Az \u00c1SZF v\u00e1ltoz\u00e1s\u00e1t \u00e9s annak hat\u00e1lyba l\u00e9p\u00e9s\u00e9t k\u00f6vet\u0151en V\u00e1s\u00e1rl\u00f3 a v\u00e1s\u00e1rl\u00e1skor p\u00e9nzt\u00e1r oldalon vagy a l\u00e1bjegyzetben azonnal t\u00e1j\u00e9koztat\u00e1sra ker\u00fcl a m\u00f3dos\u00edtott \u00c1SZF tartalm\u00e1val. Azt elolvasva pedig eld\u00f6ntheti, hogy elfogadja azt, vagy nem.<\/p><p>M\u00f3dos\u00edt\u00e1s eset\u00e9n a kor\u00e1bban \u00e9rv\u00e9nyben l\u00e9v\u0151 \u00c1SZF-et szolg\u00e1ltat\u00f3 let\u00f6lthet\u0151v\u00e9 teszi PDF form\u00e1tumban, d\u00e1tum megjel\u00f6l\u00e9ssel az \u00c1ltal\u00e1nos Szerz\u0151d\u00e9si Felt\u00e9telek men\u00fcpontban.<\/p>\t\t\t\t\t\t\t\t<\/div>\n\t\t\t\t<\/div>\n\t\t\t\t<div class=\"elementor-element elementor-element-060c704 elementor-widget elementor-widget-text-editor\" data-id=\"060c704\" data-element_type=\"widget\" data-widget_type=\"text-editor.default\">\n\t\t\t\t<div class=\"elementor-widget-container\">\n\t\t\t\t\t\t\t\t\t<p><strong>3. A szolg\u00e1ltat\u00e1s:<\/strong><br \/>Szolg\u00e1ltat\u00f3 az al\u00e1bbi felt\u00e9telek szerint ny\u00fajtja a szolg\u00e1ltat\u00e1st.<\/p><p>3.1. A szolg\u00e1ltat\u00e1s ter\u00fcleti hat\u00e1lya<br \/>Szolg\u00e1ltat\u00f3 \u00e1ltal \u00fczemeltetett szolg\u00e1ltat\u00e1s mind belf\u00f6ldr\u0151l, mind k\u00fclf\u00f6ldr\u0151l el\u00e9rhet\u0151.<\/p><p>3.2. Megv\u00e1s\u00e1rolhat\u00f3 term\u00e9kek, szolg\u00e1ltat\u00e1sok k\u00f6re<br \/>A webshopban a Szolg\u00e1ltat\u00f3 r\u00e9szletesen felt\u00fcnteti a szolg\u00e1ltat\u00e1s nev\u00e9t, r\u00f6vid le\u00edr\u00e1s\u00e1t, valamint a term\u00e9kekr\u0151l inform\u00e1ic\u00f3kat jelen\u00edttet meg. Valamennyi megjelen\u00edt\u00e9s, adat, k\u00f6zl\u00e9s, rekl\u00e1m vagy egy\u00e9b ilyen jelleg\u0171 inform\u00e1ci\u00f3 nem min\u0151s\u00fcl aj\u00e1nlatt\u00e9telnek, tov\u00e1bb\u00e1 Szolg\u00e1ltat\u00f3 az aj\u00e1nlati k\u00f6t\u00f6tts\u00e9g\u00e9t el\u0151re kiz\u00e1rja. A pontos \u00e1rak\u00e9rt \u00e9s inform\u00e1ci\u00f3k\u00e9rt keresd \u00fcgyf\u00e9lszolg\u00e1latunkat.<\/p><p><strong>4. Szerz\u0151d\u00e9s l\u00e9trej\u00f6tte \u00e9s m\u00f3dos\u00edt\u00e1sa:<\/strong><br \/>4.1. \u00c1ltal\u00e1nos jellemz\u0151k<br \/>A Szerz\u0151d\u00e9s akkor j\u00f6n l\u00e9tre, ha a 2.1. pont \u00e9rtelm\u00e9ben a V\u00e1s\u00e1rl\u00f3 a Szolg\u00e1ltat\u00f3 \u00e1ltal ny\u00fajtott szolg\u00e1ltat\u00e1st ig\u00e9nybe veszi egyben a jelen Szerz\u0151d\u00e9si Felt\u00e9telek elfogad\u00e1s\u00e1t jelenti. Megrendel\u00e9s akkor j\u00f6n l\u00e9tre, amikor V\u00e1s\u00e1rl\u00f3 a Megrendel\u00e9st v\u00e9gs\u0151 form\u00e1j\u00e1ban j\u00f3v\u00e1hagyja. V\u00e1s\u00e1rl\u00f3 a megrendel\u00e9s tartalm\u00e1r\u00f3l e-mailben t\u00e1j\u00e9koztat\u00e1st kap.<\/p>\t\t\t\t\t\t\t\t<\/div>\n\t\t\t\t<\/div>\n\t\t\t\t<div class=\"elementor-element elementor-element-7c750c7 elementor-widget elementor-widget-text-editor\" data-id=\"7c750c7\" data-element_type=\"widget\" data-widget_type=\"text-editor.default\">\n\t\t\t\t<div class=\"elementor-widget-container\">\n\t\t\t\t\t\t\t\t\t<p><strong>5. Megrendel\u00e9s<\/strong><\/p><p>5.1. A megrendel\u00e9s kiz\u00e1r\u00f3lag elektronikus \u00faton lehets\u00e9ges. A Felhaszn\u00e1l\u00f3 a megjelen\u0151 list\u00e1b\u00f3l kiv\u00e1laszt egy asztaltipust. A megjelen\u0151 online \u0171rlapon az adatok kit\u00f6lt\u00e9se ut\u00e1n kos\u00e1rba helyzei a szolg\u00e1ltat\u00e1st \/ kiv\u00e1lasztott asztaltipust. A megrendel\u00e9s lead\u00e1sa el\u0151tt a Felhaszn\u00e1l\u00f3 megadja a rendel\u00e9s teljes\u00edt\u00e9s\u00e9hez sz\u00fcks\u00e9ges sz\u00e1ml\u00e1z\u00e1si adatokat \u00e9s a fizet\u00e9s m\u00f3dj\u00e1t. A megrendel\u00e9s lead\u00e1sa el\u0151tt lehet\u0151s\u00e9g van az adatok ellen\u0151rz\u00e9s\u00e9re.<\/p><p>5.2. A felhaszn\u00e1l\u00f3 ki\u00e1lasztja a d\u00e1tumot, amelyik napra asztalt szeretne foglalni.<br \/>5.3. Kiv\u00e1lasztja az asztal t\u00edpust.<br \/>5.4. Kit\u00f6lti a vend\u00e9gek \u00e9rkez\u00e9s\u00e9nek l\u00e9tsz\u00e1m\u00e1t<br \/>5.5. Elfogadja az \u00d6tkert bel\u00e9p\u00e9si szab\u00e1lyzat\u00e1t<br \/>5.6. Kit\u00f6lti a sz\u00e1ml\u00e1z\u00e1si adatait<br \/>5.7. Elfogadja a Stripe fizet\u00e9s\u00e9vel kapcsolatos \u00e1ltal\u00e1nos szerz\u0151d\u00e9si felt\u00e9teleit<br \/>5.8. Kifizeti az \u00e1ltala megrendelt asztalt.<\/p><p>5.9. A Felhaszn\u00e1l\u00f3 a megrendel\u00e9s lead\u00e1s\u00e1val kijelenti, hogy a jelen \u00c1SZF-et elfogadja \u00e9s mag\u00e1ra n\u00e9zve k\u00f6telez\u0151nek ismeri el.<\/p>\t\t\t\t\t\t\t\t<\/div>\n\t\t\t\t<\/div>\n\t\t\t\t<div class=\"elementor-element elementor-element-57ad771 elementor-widget elementor-widget-text-editor\" data-id=\"57ad771\" data-element_type=\"widget\" data-widget_type=\"text-editor.default\">\n\t\t\t\t<div class=\"elementor-widget-container\">\n\t\t\t\t\t\t\t\t\t<p><strong>6. Fizet\u00e9si felt\u00e9telek<\/strong><br \/>Bankk\u00e1rty\u00e1s fizet\u00e9s (Stripe rendszer\u00e9n kereszt\u00fcl): a megrendel\u00e9s v\u00e9g\u00f6sszeg\u00e9t a v\u00e1s\u00e1rl\u00f3 a Stripe \u00e1ltal \u00fczemeltetett fel\u00fcleten, bankk\u00e1rty\u00e1val fizeti ki. A fizet\u00e9s a Stripe biztons\u00e1gos oldal\u00e1n t\u00f6rt\u00e9nik, \u00edgy az adatok biztons\u00e1gban vannak. Stripe regisztr\u00e1ci\u00f3t nem ig\u00e9nyel!<\/p>\t\t\t\t\t\t\t\t<\/div>\n\t\t\t\t<\/div>\n\t\t\t\t<div class=\"elementor-element elementor-element-4d10d2c elementor-widget elementor-widget-text-editor\" data-id=\"4d10d2c\" data-element_type=\"widget\" data-widget_type=\"text-editor.default\">\n\t\t\t\t<div class=\"elementor-widget-container\">\n\t\t\t\t\t\t\t\t\t<p><strong>A Stripe rendszere az al\u00e1bbi bankk\u00e1rty\u00e1kkal t\u00f6rt\u00e9n\u0151 fizet\u00e9st teszi lehet\u0151v\u00e9:<\/strong><br \/>MasterCard<br \/>Maestro<br \/>VISA<br \/>VISA Electron<br \/>American Express<\/p>\t\t\t\t\t\t\t\t<\/div>\n\t\t\t\t<\/div>\n\t\t\t\t<div class=\"elementor-element elementor-element-1093f94 elementor-widget elementor-widget-text-editor\" data-id=\"1093f94\" data-element_type=\"widget\" data-widget_type=\"text-editor.default\">\n\t\t\t\t<div class=\"elementor-widget-container\">\n\t\t\t\t\t\t\t\t\t<p><strong>Stripe \u00e1ltal biztos\u00edtott biztons\u00e1gos bankk\u00e1rty\u00e1s fizet\u00e9si megold\u00e1s<\/strong><\/p><p>A biztons\u00e1got az adatok sz\u00e9tv\u00e1laszt\u00e1sa alapozza meg. Mi a megrendel\u00e9ssel kapcsolatos inform\u00e1ci\u00f3kat kapjuk meg \u00d6nt\u0151l, a Stripe pedig kiz\u00e1r\u00f3lag a fizet\u00e9si tranzakci\u00f3hoz sz\u00fcks\u00e9ges k\u00e1rtyaadatokat a 128 bites SSL titkos\u00edt\u00e1ssal ell\u00e1tott fizet\u0151oldalon. A fizet\u0151oldal adattartalm\u00e1r\u00f3l nem \u00e9rtes\u00fcl\u00fcnk, azokat csak a Stripe \u00e9rheti el. A tranzakci\u00f3 eredm\u00e9ny\u00e9r\u0151l a fizet\u00e9st k\u00f6vet\u0151en mi t\u00e1j\u00e9koztatjuk. A k\u00e1rty\u00e1s fizet\u00e9shez az \u00d6n internet b\u00f6ng\u00e9sz\u0151 programj\u00e1nak t\u00e1mogatnia kell az SSL titkos\u00edt\u00e1st. A v\u00e1s\u00e1rolt \u00e1ru\/szolg\u00e1ltat\u00e1s ellen\u00e9rt\u00e9ke, a kifizetett \u00f6sszeg azonnal z\u00e1rol\u00e1sra ker\u00fcl k\u00e1rtyasz\u00e1ml\u00e1j\u00e1n. A Stripe szolg\u00e1ltat\u00e1s haszn\u00e1lata sor\u00e1n ahhoz, hogy a bankk\u00e1rty\u00e1s csal\u00e1sok kisz\u0171r\u00e9sre ker\u00fclhessenek, az \u00d6n \u00e1ltal haszn\u00e1lt eszk\u00f6z digit\u00e1lis ujjlenyomata \u00e9s a b\u00f6ng\u00e9sz\u00e9si szok\u00e1sai alapj\u00e1n a Stripe s\u00fctiket helyez el b\u00f6ng\u00e9sz\u0151j\u00e9ben. Ezeket a s\u00fctiket a Stripe kezeli.<\/p><p>Tov\u00e1bbi inform\u00e1ci\u00f3 a Stripe-r\u00f3l: <a href=\"https:\/\/stripe.com\/en-hu\/privacy\" rel=\"nofollow noopener\">https:\/\/stripe.com\/en-hu\/privacy<\/a><\/p>\t\t\t\t\t\t\t\t<\/div>\n\t\t\t\t<\/div>\n\t\t\t\t<div class=\"elementor-element elementor-element-aa2381a elementor-widget elementor-widget-text-editor\" data-id=\"aa2381a\" data-element_type=\"widget\" data-widget_type=\"text-editor.default\">\n\t\t\t\t<div class=\"elementor-widget-container\">\n\t\t\t\t\t\t\t\t\t<p><strong>A biztons\u00e1gr\u00f3l<\/strong><\/p><p>Az SSL, a Secure Sockets Layer elfogadott titkos\u00edt\u00e1si elj\u00e1r\u00e1s r\u00f6vid\u00edt\u00e9se.<br \/>A Stripe rendelkezik egy 128 bites titkos\u00edt\u00f3 kulccsal, amelynek seg\u00edts\u00e9g\u00e9vel biztos\u00edtj\u00e1k az SSL alap\u00fa titkos\u00edt\u00e1st.<br \/>Jelenleg a vil\u00e1g elektronikus kereskedelm\u00e9nek 90%-\u00e1ban ezt a titkos\u00edt\u00e1si m\u00f3dot alkalmazz\u00e1k. Az \u00d6n \u00e1ltal haszn\u00e1lt b\u00f6ng\u00e9sz\u0151 program az SSL seg\u00edts\u00e9g\u00e9vel a k\u00e1rtyabirtokos adatait az elk\u00fcld\u00e9s el\u0151tt titkos\u00edtja, \u00edgy azok k\u00f3dolt form\u00e1ban jutnak el a Stripehoz, ez\u00e1ltal illet\u00e9ktelen szem\u00e9lyek sz\u00e1m\u00e1ra nem \u00e9rtelmezhet\u0151ek.<\/p>\t\t\t\t\t\t\t\t<\/div>\n\t\t\t\t<\/div>\n\t\t\t\t<div class=\"elementor-element elementor-element-47bf055 elementor-widget elementor-widget-text-editor\" data-id=\"47bf055\" data-element_type=\"widget\" data-widget_type=\"text-editor.default\">\n\t\t\t\t<div class=\"elementor-widget-container\">\n\t\t\t\t\t\t\t\t\t<p><strong>7. Panaszkezel\u00e9s<\/strong><br \/>A web\u00e1ruh\u00e1z m\u0171k\u00f6d\u00e9s\u00e9vel, megrendel\u00e9si, \u00e9s sz\u00e1ll\u00edt\u00e1si folyamattokkal illet\u0151leg a term\u00e9kekkel kapcsolatosan kifog\u00e1saival V\u00e1s\u00e1rl\u00f3 az al\u00e1bb felt\u00fcntetett el\u00e9rhet\u0151s\u00e9geken kereszt\u00fcl tud vel\u00fcnk kapcsolatba l\u00e9pni:<br \/>\u2022 Az \u00fcgyf\u00e9lszolg\u00e1lat minden nap 10:00 -20:0 \u00f3ra k\u00f6z\u00f6tt h\u00edvhat\u00f3<br \/>\u2022 Telefon: +36 70 330 8652<br \/>\u2022 E-mail: reservation@otkert.hu<br \/>\u2022 Weboldal: otkert.hu<br \/>\u2022 Levelez\u00e9si c\u00edm: 1051 Budapest, Zr\u00ednyi utca 4.<\/p>\t\t\t\t\t\t\t\t<\/div>\n\t\t\t\t<\/div>\n\t\t\t\t<div class=\"elementor-element elementor-element-ca36226 elementor-widget elementor-widget-text-editor\" data-id=\"ca36226\" data-element_type=\"widget\" data-widget_type=\"text-editor.default\">\n\t\t\t\t<div class=\"elementor-widget-container\">\n\t\t\t\t\t\t\t\t\t<p>A sz\u00f3beli panaszt azonnal megvizsg\u00e1ljuk, \u00e9s sz\u00fcks\u00e9g szerint orvosoljuk, amennyiben ezt a panasz jellege megengedi. Amennyiben V\u00e1s\u00e1rl\u00f3 a panasz kezel\u00e9s\u00e9vel nem \u00e9rt egyet, vagy a panasz azonnali kivizsg\u00e1l\u00e1sa nem lehets\u00e9ges, a panaszr\u00f3l \u00e9s az azzal kapcsolatos \u00e1ll\u00e1spontj\u00e1r\u00f3l halad\u00e9ktalanul jegyz\u0151k\u00f6nyvet vesz\u00fcnk fel, \u00e9s annak egy m\u00e1solati p\u00e9ld\u00e1ny\u00e1t:<\/p><ul><li>szem\u00e9lyesen k\u00f6z\u00f6lt sz\u00f3beli panasz eset\u00e9n helyben adjuk \u00e1t a V\u00e1s\u00e1rl\u00f3nak<br \/>telefonon, \u00edr\u00e1sban (lev\u00e9lben vagy egy\u00e9b elektronikus \u00faton) k\u00f6z\u00f6lt panasz eset\u00e9n k\u00f6telesek vagyunk 30 napon bel\u00fcl \u00e9rdemben megv\u00e1laszolni, az \u00edr\u00e1sbeli panaszra vonatkoz\u00f3 rendelkez\u00e9sek szerint elj\u00e1rni<\/li><\/ul>\t\t\t\t\t\t\t\t<\/div>\n\t\t\t\t<\/div>\n\t\t\t\t<div class=\"elementor-element elementor-element-44348ef elementor-widget elementor-widget-text-editor\" data-id=\"44348ef\" data-element_type=\"widget\" data-widget_type=\"text-editor.default\">\n\t\t\t\t<div class=\"elementor-widget-container\">\n\t\t\t\t\t\t\t\t\tHa V\u00e1s\u00e1rl\u00f3 nem \u00e9rt egyet a panasz orvosl\u00e1s\u00e1val, k\u00f6teles \u00e1ll\u00e1spontj\u00e1t az elutas\u00edt\u00e1sra vonatkoz\u00f3 \u00e9rdemi v\u00e1lasz\u00e1ban megindokolni.\nA panaszr\u00f3l felvett jegyz\u0151k\u00f6nyvet \u00e9s a V\u00e1s\u00e1rl\u00f3 v\u00e1lasz\u00e1nak m\u00e1solati p\u00e9ld\u00e1ny\u00e1t 5 \u00e9vig meg\u0151rizz\u00fck.\nPanaszkezel\u00e9s eset\u00e9ben az \u00edr\u00e1sbeli panaszra vonatkoz\u00f3 szab\u00e1lyok szerint j\u00e1runk el.\nAz \u00edr\u00e1sban \u00e9rkezett panaszt \u00e1ltal\u00e1ban 1-2 napon bel\u00fcl, de legk\u00e9s\u0151bb a jogszab\u00e1lyban el\u0151\u00edrt 30 napon bel\u00fcl \u00e9rdemben megv\u00e1laszoljuk. Az int\u00e9zked\u00e9s hat\u00e1ridej\u00e9t jelen szerz\u0151d\u00e9s \u00e9rtelm\u00e9ben a post\u00e1ra ad\u00e1s d\u00e1tum\u00e1t\u00f3l ill. az e-mail be\u00e9rkez\u00e9s\u00e9nek d\u00e1tum\u00e1t\u00f3l sz\u00e1m\u00edtjuk.\nA panasz elutas\u00edt\u00e1sa eset\u00e9n az elutas\u00edt\u00e1s indok\u00e1r\u00f3l t\u00e1j\u00e9koztatjuk a V\u00e1s\u00e1rl\u00f3t.\n\t\t\t\t\t\t\t\t<\/div>\n\t\t\t\t<\/div>\n\t\t\t\t<div class=\"elementor-element elementor-element-9cd1ea2 elementor-widget elementor-widget-text-editor\" data-id=\"9cd1ea2\" data-element_type=\"widget\" data-widget_type=\"text-editor.default\">\n\t\t\t\t<div class=\"elementor-widget-container\">\n\t\t\t\t\t\t\t\t\t<p><strong>8.1. Egy\u00e9b jog\u00e9rv\u00e9nyes\u00edt\u00e9si lehet\u0151s\u00e9gek<\/strong><br \/>Amennyiben a fenn\u00e1ll\u00f3 fogyaszt\u00f3i jogvita a vel\u00fcnk val\u00f3 t\u00e1rgyal\u00e1sok sor\u00e1n nem rendez\u0151dik, az al\u00e1bbi jog\u00e9rv\u00e9nyes\u00edt\u00e9si lehet\u0151s\u00e9gek nyitottak V\u00e1s\u00e1rl\u00f3 sz\u00e1m\u00e1ra:<br \/>\u2022 panaszt\u00e9tel a fogyaszt\u00f3v\u00e9delmi hat\u00f3s\u00e1gn\u00e1l<br \/>\u2022 b\u00e9k\u00e9ltet\u0151 test\u00fclet elj\u00e1r\u00e1s\u00e1nak kezdem\u00e9nyez\u00e9se<br \/>\u2022 b\u00edr\u00f3s\u00e1gi elj\u00e1r\u00e1s kezdem\u00e9nyez\u00e9se<br \/>Miut\u00e1n a Nemzeti Fogyaszt\u00f3v\u00e9delmi Hat\u00f3s\u00e1g 2016. december 31. napj\u00e1val jogut\u00f3dl\u00e1ssal megsz\u0171nt, 2017. janu\u00e1r 1-t\u0151l panaszaikkal els\u0151sorban a ter\u00fcletileg illet\u00e9kes j\u00e1r\u00e1si hivatalokhoz fordulhatnak a V\u00e1s\u00e1rl\u00f3k. A j\u00e1r\u00e1si hivatalok el\u00e9rhet\u0151s\u00e9g\u00e9t <a href=\"https:\/\/www.kormanyhivatal.hu\/hu\/elerhetosegek\" target=\"_blank\" rel=\"noopener nofollow\">https:\/\/www.kormanyhivatal.hu\/hu\/elerhetosegek<\/a> tekinthetj\u00fck meg.<\/p><p>8.1.1. B\u00e9k\u00e9ltet\u0151 test\u00fclet<br \/>A b\u00e9k\u00e9ltet\u0151 test\u00fclet a megyei (f\u0151v\u00e1rosi) kereskedelmi \u00e9s iparkamar\u00e1k mellett m\u0171k\u00f6d\u0151 f\u00fcggetlen test\u00fclet. A b\u00e9k\u00e9ltet\u0151 test\u00fclet hat\u00e1sk\u00f6r\u00e9be tartozik a fogyaszt\u00f3i jogvita b\u00edr\u00f3s\u00e1gi elj\u00e1r\u00e1son k\u00edv\u00fcli rendez\u00e9se. Feladata tov\u00e1bb\u00e1, hogy megk\u00eds\u00e9relje a fogyaszt\u00f3i jogvita rendez\u00e9se c\u00e9lj\u00e1b\u00f3l egyezs\u00e9g l\u00e9trehoz\u00e1s\u00e1t a felek k\u00f6z\u00f6tt, ennek eredm\u00e9nytelens\u00e9ge eset\u00e9n az \u00fcgyben d\u00f6nt\u00e9st hoz a fogyaszt\u00f3i jogok egyszer\u0171, gyors, hat\u00e9kony \u00e9s k\u00f6lts\u00e9gk\u00edm\u00e9l\u0151 \u00e9rv\u00e9nyes\u00edt\u00e9s\u00e9nek biztos\u00edt\u00e1sa \u00e9rdek\u00e9ben. A b\u00e9k\u00e9ltet\u0151 test\u00fcletek el\u00e9rhet\u0151s\u00e9g\u00e9t <a href=\"https:\/\/bekeltetes.hu\/udvozlo\" target=\"_blank\" rel=\"noopener nofollow\">https:\/\/bekeltetes.hu\/udvozlo<\/a> tal\u00e1ljuk meg.<br \/>A b\u00e9k\u00e9ltet\u0151 test\u00fclet a fogyaszt\u00f3 vagy a v\u00e1llalkoz\u00e1s k\u00e9r\u00e9s\u00e9re tan\u00e1csot ad a fogyaszt\u00f3t megillet\u0151 jogokkal \u00e9s a fogyaszt\u00f3t terhel\u0151 k\u00f6telezetts\u00e9gekkel kapcsolatban.<br \/>T\u00e1j\u00e9koztat\u00e1sul k\u00f6z\u00f6lj\u00fck, hogy a b\u00e9k\u00e9ltet\u0151 test\u00fcleti elj\u00e1r\u00e1s megind\u00edt\u00e1s\u00e1nak felt\u00e9tele, hogy a fogyaszt\u00f3 az \u00e9rintett v\u00e1llalkoz\u00e1ssal k\u00f6zvetlen\u00fcl megk\u00eds\u00e9relje a vit\u00e1s \u00fcgy rendez\u00e9s\u00e9t.<br \/>A b\u00e9k\u00e9ltet\u0151 test\u00fcletre \u00e9s b\u00edr\u00f3s\u00e1gra vonatkoz\u00f3 szab\u00e1lyok alkalmaz\u00e1s\u00e1ban fogyaszt\u00f3nak min\u0151s\u00fcl a k\u00fcl\u00f6n t\u00f6rv\u00e9ny szerinti civil szervezet, egyh\u00e1z, t\u00e1rsash\u00e1z, lak\u00e1ssz\u00f6vetkezet, mikro-, kis- \u00e9s k\u00f6z\u00e9pv\u00e1llalkoz\u00e1s is, aki \u00e1rut vesz, rendel, kap, haszn\u00e1l, ig\u00e9nybe vesz, vagy az \u00e1ruval kapcsolatos kereskedelmi kommunik\u00e1ci\u00f3, aj\u00e1nlat c\u00edmzettje.<br \/>A b\u00e9k\u00e9ltet\u0151 test\u00fcleti elj\u00e1r\u00e1sban egy\u00fcttm\u0171k\u00f6d\u00e9si k\u00f6telezetts\u00e9g terheli c\u00e9g\u00fcnket, ennek keret\u00e9ben k\u00f6telesek vagyunk a v\u00e1lasziratot megk\u00fcldeni a b\u00e9k\u00e9ltet\u0151 test\u00fclet sz\u00e1m\u00e1ra.<\/p><p>8.1.1.1. A b\u00e9k\u00e9ltet\u0151 test\u00fcleti elj\u00e1r\u00e1s megind\u00edt\u00e1sa<br \/>Az elj\u00e1r\u00e1sra els\u0151sorban a fogyaszt\u00f3 lak\u00f3helye vagy tart\u00f3zkod\u00e1si helye szerinti b\u00e9k\u00e9ltet\u0151 test\u00fclet illet\u00e9kes. Felh\u00edvjuk a figyelmet, hogy a b\u00e9k\u00e9ltet\u0151 test\u00fcleti elj\u00e1r\u00e1s megind\u00edt\u00e1s\u00e1nak felt\u00e9tele, hogy a fogyaszt\u00f3 az \u00e9rintett v\u00e1llalkoz\u00e1ssal k\u00f6zvetlen\u00fcl megk\u00eds\u00e9relje a vit\u00e1s \u00fcgy rendez\u00e9s\u00e9t. A b\u00e9k\u00e9ltet\u0151 test\u00fclet elj\u00e1r\u00e1sa teh\u00e1t a fogyaszt\u00f3 k\u00e9relm\u00e9re indul.<br \/>A k\u00e9relmet a b\u00e9k\u00e9ltet\u0151 test\u00fclet eln\u00f6k\u00e9hez kell \u00edr\u00e1sban beny\u00fajtani. A k\u00e9relemnek tartalmaznia kell<br \/>\u2022 a fogyaszt\u00f3 nev\u00e9t, lak\u00f3hely\u00e9t vagy tart\u00f3zkod\u00e1si hely\u00e9t<br \/>\u2022 a fogyaszt\u00f3i jogvit\u00e1val \u00e9rintett v\u00e1llalkoz\u00e1s nev\u00e9t, sz\u00e9khely\u00e9t vagy \u00e9rintett telephely\u00e9t<br \/>\u2022 \u2013 ha a fogyaszt\u00f3 az illet\u00e9kess\u00e9get az Fgytv. 20. \u00a7 (3) bekezd\u00e9s\u00e9re k\u00edv\u00e1nja alap\u00edtani \u2013 a 20. \u00a7 (1) \u00e9s (2) bekezd\u00e9se szerint illet\u00e9kes b\u00e9k\u00e9ltet\u0151 test\u00fclet helyett k\u00e9relmezett test\u00fclet megjel\u00f6l\u00e9s\u00e9t<br \/>\u2022 a fogyaszt\u00f3 \u00e1ll\u00e1spontj\u00e1nak r\u00f6vid le\u00edr\u00e1s\u00e1t, az azt al\u00e1t\u00e1maszt\u00f3 t\u00e9nyeket \u00e9s azok bizony\u00edt\u00e9kait<br \/>\u2022 a fogyaszt\u00f3 nyilatkozat\u00e1t a 27. \u00a7-ban el\u0151\u00edrt felt\u00e9tel teljes\u00edt\u00e9s\u00e9r\u0151l<br \/>\u2022 a fogyaszt\u00f3 nyilatkozat\u00e1t arra n\u00e9zve, hogy az \u00fcgyben m\u00e1s b\u00e9k\u00e9ltet\u0151 test\u00fclet elj\u00e1r\u00e1s\u00e1t nem kezdem\u00e9nyezte, k\u00f6zvet\u00edt\u0151i elj\u00e1r\u00e1s nem indult, keresetlev\u00e9l bead\u00e1s\u00e1ra, illetve fizet\u00e9si meghagy\u00e1s kibocs\u00e1t\u00e1sa ir\u00e1nti k\u00e9relem el\u0151terjeszt\u00e9s\u00e9re nem ker\u00fclt sor<br \/>\u2022 a test\u00fclet d\u00f6nt\u00e9s\u00e9re ir\u00e1nyul\u00f3 ind\u00edtv\u00e1nyt<br \/>\u2022 a fogyaszt\u00f3 al\u00e1\u00edr\u00e1s\u00e1t<\/p><p>A k\u00e9relemhez csatolni kell azt az okiratot, illetve annak m\u00e1solat\u00e1t (kivonat\u00e1t), amelynek tartalm\u00e1ra a fogyaszt\u00f3 bizony\u00edt\u00e9kk\u00e9nt hivatkozik, \u00edgy k\u00fcl\u00f6n\u00f6sen a v\u00e1llalkoz\u00e1s \u00edr\u00e1sbeli nyilatkozat\u00e1t a panasz elutas\u00edt\u00e1s\u00e1r\u00f3l, ennek hi\u00e1ny\u00e1ban a fogyaszt\u00f3 rendelkez\u00e9s\u00e9re \u00e1ll\u00f3 egy\u00e9b \u00edr\u00e1sos bizony\u00edt\u00e9kot a 27. \u00a7-ban el\u0151\u00edrt egyeztet\u00e9s megk\u00eds\u00e9rl\u00e9s\u00e9r\u0151l.<br \/>Ha a fogyaszt\u00f3 meghatalmazott \u00fatj\u00e1n j\u00e1r el, a k\u00e9relemhez csatolni kell a meghatalmaz\u00e1st.<br \/>A c\u00e9g sz\u00e9khelye szerint illet\u00e9kes megyei b\u00e9k\u00e9ltet\u0151 test\u00fclet adatai:<br \/>\u2022 N\u00e9v: Budapesti Kereskedelmi \u00e9s Iparkamara mellett m\u0171k\u00f6d\u0151 Budapesti B\u00e9k\u00e9ltet\u0151 Test\u00fclet<br \/>\u2022 C\u00edm: 1016 Budapest, Krisztina krt. 99.<br \/>\u2022 Telefonsz\u00e1m: +36-1 \/ 488-2131<br \/>\u2022 E-mail c\u00edm: bekelteto.testulet@bkik.hu<br \/>\u2022 Weboldal: www.bekeltet.hu<\/p><p>8.1.2. B\u00edr\u00f3s\u00e1gi elj\u00e1r\u00e1s<br \/>A V\u00e1s\u00e1rl\u00f3 jogosult a k\u00f6vetel\u00e9s\u00e9nek b\u00edr\u00f3s\u00e1g el\u0151tti \u00e9rv\u00e9nyes\u00edt\u00e9s\u00e9re polg\u00e1ri elj\u00e1r\u00e1s keret\u00e9ben Polg\u00e1ri T\u00f6rv\u00e9nyk\u00f6nyvr\u0151l sz\u00f3l\u00f3 2013. \u00e9vi V. t\u00f6rv\u00e9ny, valamint a polg\u00e1ri perrendtart\u00e1sr\u00f3l sz\u00f3l\u00f3 2016. \u00e9vi CXXX. t\u00f6rv\u00e9ny rendelkez\u00e9sei szerint.<br \/>A c\u00e9g sz\u00e9khelye szerint illet\u00e9kes b\u00edr\u00f3s\u00e1g adatai:<br \/>\u2022 N\u00e9v: Pesti K\u00f6zponti Ker\u00fcleti B\u00edr\u00f3s\u00e1g<br \/>\u2022 C\u00edm: 1055 Budapest, Mark\u00f3 u. 25.<br \/>\u2022 Postac\u00edm: 1887 Budapest, Pf: 28.<br \/>\u2022 Telefonsz\u00e1m: +36-94 \/ 314-365<br \/>\u2022 Fax: +36-1 \/ 354-6000<br \/>\u2022 E-mail: pkkb@birosag.hu<br \/>\u2022 Weboldal: Pesti K\u00f6zponti Ker\u00fcleti B\u00edr\u00f3s\u00e1g<\/p>\t\t\t\t\t\t\t\t<\/div>\n\t\t\t\t<\/div>\n\t\t\t\t<div class=\"elementor-element elementor-element-338cce9 elementor-widget elementor-widget-text-editor\" data-id=\"338cce9\" data-element_type=\"widget\" data-widget_type=\"text-editor.default\">\n\t\t\t\t<div class=\"elementor-widget-container\">\n\t\t\t\t\t\t\t\t\t<strong>Tov\u00e1bbi dokumentumok el\u00e9rhet\u0151ek a l\u00e1bjegyzetben vagy a linkekre nyomva.<\/strong>\t\t\t\t\t\t\t\t<\/div>\n\t\t\t\t<\/div>\n\t\t\t\t<div class=\"elementor-element elementor-element-d1bdfbe elementor-widget elementor-widget-text-editor\" data-id=\"d1bdfbe\" data-element_type=\"widget\" data-widget_type=\"text-editor.default\">\n\t\t\t\t<div class=\"elementor-widget-container\">\n\t\t\t\t\t\t\t\t\t<a class=\"linkekadatved\" href=\"https:\/\/otkert.hu\/wp-content\/uploads\/2021\/10\/Tajekoztatas_adatkezelesrol.pdf\" target=\"_blank\" rel=\"noopener\">Adatkezel\u00e9s t\u00e1j\u00e9koztat\u00f3<\/a>\n<a class=\"linkekadatved\" href=\"https:\/\/otkert.hu\/wp-content\/uploads\/2021\/10\/Panaszkezelesi_szabalyzat.pdf\" target=\"_blank\" rel=\"noopener\">Panaszkezel\u00e9si szab\u00e1lyzat<\/a>\n<a class=\"linkekadatved\" href=\"https:\/\/otkert.hu\/wp-content\/uploads\/2021\/10\/Adatkezelesi_szabalyzat.pdf\" target=\"_blank\" rel=\"noopener\">Adatkezel\u00e9si szab\u00e1lyzat<\/a>\n<a class=\"linkekadatved\" href=\"https:\/\/otkert.hu\/wp-content\/uploads\/2021\/10\/Magatartasi_kodex.pdf\" target=\"_blank\" rel=\"noopener\">Magatart\u00e1si k\u00f3dex<\/a>\n<a class=\"linkekadatved\" href=\"https:\/\/otkert.hu\/wp-content\/uploads\/2021\/10\/Informaciobiztonsagi_szabalyzat.pdf\" target=\"_blank\" rel=\"noopener\">Inform\u00e1ci\u00f3biztons\u00e1gi szab\u00e1lyzat<\/a>\t\t\t\t\t\t\t\t<\/div>\n\t\t\t\t<\/div>\n\t\t\t\t\t<\/div>\n\t\t\t\t<\/div>\n\t\t\t\t<\/div>\n\t\t","protected":false},"excerpt":{"rendered":"<p>Jelen dokumentum tartalmazza a \u00d6tkert Kft., mint Szolg\u00e1ltat\u00f3 \u00e1ltal \u00fczemeltetett otkert.hu (a tov\u00e1bbiakban: web\u00e1ruh\u00e1z) haszn\u00e1lat\u00e1ra vonatkoz\u00f3 \u00e1ltal\u00e1nos szerz\u0151d\u00e9si felt\u00e9teleket (tov\u00e1bbiakban \u201e\u00c1SZF\u201d).K\u00e9rj\u00fck, hogy csak akkor vedd ig\u00e9nybe szolg\u00e1ltat\u00e1sainkat, amennyiben minden pontj\u00e1val egyet\u00e9rtesz, \u00e9s k\u00f6telez\u0151 \u00e9rv\u00e9ny\u0171nek tekinted magadra n\u00e9zve. 1.1. Szolg\u00e1ltat\u00f3 adatai\u2022 A szolg\u00e1ltat\u00f3 neve: \u00d6tkert Kft.\u2022 A szolg\u00e1ltat\u00f3 sz\u00e9khelye: 1051 Budapest, Zr\u00ednyi utca 4.\u2022 C\u00e9gjegyz\u00e9ksz\u00e1ma: 01 [&hellip;]<\/p>\n","protected":false},"author":1,"featured_media":0,"parent":0,"menu_order":0,"comment_status":"closed","ping_status":"closed","template":"elementor_header_footer","meta":{"_acf_changed":false,"site-sidebar-layout":"no-sidebar","site-content-layout":"page-builder","ast-site-content-layout":"default","site-content-style":"default","site-sidebar-style":"default","ast-global-header-display":"","ast-banner-title-visibility":"","ast-main-header-display":"","ast-hfb-above-header-display":"","ast-hfb-below-header-display":"","ast-hfb-mobile-header-display":"","site-post-title":"disabled","ast-breadcrumbs-content":"","ast-featured-img":"disabled","footer-sml-layout":"","theme-transparent-header-meta":"","adv-header-id-meta":"","stick-header-meta":"","header-above-stick-meta":"","header-main-stick-meta":"","header-below-stick-meta":"","astra-migrate-meta-layouts":"default","ast-page-background-enabled":"default","ast-page-background-meta":{"desktop":{"background-color":"var(--ast-global-color-4)","background-image":"","background-repeat":"repeat","background-position":"center center","background-size":"auto","background-attachment":"scroll","background-type":"","background-media":"","overlay-type":"","overlay-color":"","overlay-opacity":"","overlay-gradient":""},"tablet":{"background-color":"","background-image":"","background-repeat":"repeat","background-position":"center center","background-size":"auto","background-attachment":"scroll","background-type":"","background-media":"","overlay-type":"","overlay-color":"","overlay-opacity":"","overlay-gradient":""},"mobile":{"background-color":"","background-image":"","background-repeat":"repeat","background-position":"center center","background-size":"auto","background-attachment":"scroll","background-type":"","background-media":"","overlay-type":"","overlay-color":"","overlay-opacity":"","overlay-gradient":""}},"ast-content-background-meta":{"desktop":{"background-color":"var(--ast-global-color-5)","background-image":"","background-repeat":"repeat","background-position":"center center","background-size":"auto","background-attachment":"scroll","background-type":"","background-media":"","overlay-type":"","overlay-color":"","overlay-opacity":"","overlay-gradient":""},"tablet":{"background-color":"var(--ast-global-color-5)","background-image":"","background-repeat":"repeat","background-position":"center center","background-size":"auto","background-attachment":"scroll","background-type":"","background-media":"","overlay-type":"","overlay-color":"","overlay-opacity":"","overlay-gradient":""},"mobile":{"background-color":"var(--ast-global-color-5)","background-image":"","background-repeat":"repeat","background-position":"center center","background-size":"auto","background-attachment":"scroll","background-type":"","background-media":"","overlay-type":"","overlay-color":"","overlay-opacity":"","overlay-gradient":""}},"footnotes":""},"class_list":["post-19333","page","type-page","status-publish","hentry"],"acf":[],"_links":{"self":[{"href":"https:\/\/otkert.hu\/hu\/wp-json\/wp\/v2\/pages\/19333","targetHints":{"allow":["GET"]}}],"collection":[{"href":"https:\/\/otkert.hu\/hu\/wp-json\/wp\/v2\/pages"}],"about":[{"href":"https:\/\/otkert.hu\/hu\/wp-json\/wp\/v2\/types\/page"}],"author":[{"embeddable":true,"href":"https:\/\/otkert.hu\/hu\/wp-json\/wp\/v2\/users\/1"}],"replies":[{"embeddable":true,"href":"https:\/\/otkert.hu\/hu\/wp-json\/wp\/v2\/comments?post=19333"}],"version-history":[{"count":0,"href":"https:\/\/otkert.hu\/hu\/wp-json\/wp\/v2\/pages\/19333\/revisions"}],"wp:attachment":[{"href":"https:\/\/otkert.hu\/hu\/wp-json\/wp\/v2\/media?parent=19333"}],"curies":[{"name":"wp","href":"https:\/\/api.w.org\/{rel}","templated":true}]}}